{"id":171,"date":"2018-08-08T08:27:11","date_gmt":"2018-08-08T08:27:11","guid":{"rendered":"https:\/\/brfsorbyangen.se\/?page_id=171"},"modified":"2026-04-24T07:34:03","modified_gmt":"2026-04-24T07:34:03","slug":"bostadsrattsforeningen-sorbyangen-i-orebro","status":"publish","type":"page","link":"https:\/\/brfsorbyangen.se\/","title":{"rendered":"Brf S\u00f6rby\u00e4ngen i \u00d6rebro"},"content":{"rendered":"\n<hr class=\"wp-block-separator has-alpha-channel-opacity\"\/>\n\n\n\n<p class=\"has-text-align-center\"><strong><mark style=\"background-color:rgba(0, 0, 0, 0)\" class=\"has-inline-color has-blue-color\">G\u00e4stparkering<\/mark> &#8211; mellan plats 75 och milj\u00f6rummet finns det en plats som kan bokas p\u00e5 bokningstavlan p\u00e5 bottenv\u00e5ningen i nummer 59.<br>Av praktiska sk\u00e4l kan den endast bokas av dom medlemmar som hyr parkeringsplats p\u00e5 g\u00e5rden och d\u00e4rmed har en radiotagg till bommen och kommer in och ut fr\u00e5n parkeringen.<br>Den kan bokas dygnsvis mellan klockan 08 till 08 n\u00e4stkommande dag och en begr\u00e4nsning p\u00e5 max tre bokningar inom de n\u00e4rmaste 30 dagarna.<\/strong><\/p>\n\n\n\n<hr class=\"wp-block-separator has-alpha-channel-opacity\"\/>\n\n\n\n<p class=\"has-text-align-center\"><strong>Vi har tecknat ett nytt och f\u00f6rm\u00e5nligare avtal med Tele2, det nya avtalet inneb\u00e4r att vi f\u00f6r 98 kronor per m\u00e5nad f\u00e5r dessa kanaler, Internet med vad som hos Tele2 kallas Bredband 500 samt om man \u00f6nskar IP-telefoni. <a href=\"https:\/\/brfsorbyangen.se\/wp-content\/uploads\/2025\/05\/Brf-Sorbyangen-och-Tele2.pdf\" target=\"_blank\" rel=\"noreferrer noopener\">Kolla i detta dokument<\/a> d\u00e5 det kr\u00e4vs en aktiv \u00e5tg\u00e4rd fr\u00e5n samtliga boende att meddela Tele2 att man \u00f6nskar detta<\/strong>.<strong>HD-kanalerna b\u00f6rjar p\u00e5 kanal 21 och upp\u00e5t.<\/strong><br><img loading=\"lazy\" decoding=\"async\" width=\"150\" height=\"50\" class=\"wp-image-1742\" style=\"width: 150px;\" src=\"https:\/\/brfsorbyangen.se\/wp-content\/uploads\/2025\/05\/Image.png\" alt=\"\" srcset=\"https:\/\/brfsorbyangen.se\/wp-content\/uploads\/2025\/05\/Image.png 907w, https:\/\/brfsorbyangen.se\/wp-content\/uploads\/2025\/05\/Image-300x101.png 300w, https:\/\/brfsorbyangen.se\/wp-content\/uploads\/2025\/05\/Image-768x258.png 768w, https:\/\/brfsorbyangen.se\/wp-content\/uploads\/2025\/05\/Image-500x168.png 500w\" sizes=\"auto, (max-width: 150px) 100vw, 150px\" \/><\/p>\n\n\n\n<hr class=\"wp-block-separator has-alpha-channel-opacity\"\/>\n\n\n\n<p class=\"has-text-align-center\"><strong>Mellan nummer 57 och 59 finns det nu en box fr\u00e5n <a rel=\"noreferrer noopener\" href=\"http:\/\/iboxen.se\" target=\"_blank\">iboxen<\/a> f\u00f6r att h\u00e4mta paket. <\/strong><br><strong>I dagsl\u00e4get kommer det att funka fr\u00e5n Airmee, Best, Bring, DB Schenker, DHL, Early Bird, FedEx, MTD, Premo, TNT och UPS som transport\u00f6rer. \u00c4ven fr\u00e5n ehandlare som Cocopanda, Sephora, Elgiganten, Nike, Spelbutiken, XXL Sport, CDON med flera kommer det att kunna v\u00e4lja att h\u00e4mta ut h\u00e4r.<\/strong><\/p>\n\n\n\n<hr class=\"wp-block-separator has-css-opacity\"\/>\n\n\n\n<p class=\"has-text-align-center\"><strong>Vi har distribuerat en broschyr som i f\u00f6rsta hand \u00e4r t\u00e4nkt f\u00f6r nya i v\u00e5r f\u00f6rening men ocks\u00e5 delas ut till alla l\u00e4genheter<\/strong>. <strong><a rel=\"noreferrer noopener\" href=\"https:\/\/brfsorbyangen.se\/wp-content\/uploads\/2022\/02\/Va\u0308lkommen-till-webben.pdf\" target=\"_blank\">Finns ocks\u00e5 h\u00e4r som PDF.<\/a><\/strong><\/p>\n\n\n\n<hr class=\"wp-block-separator has-css-opacity\"\/>\n\n\n\n<p class=\"has-text-align-center\"><strong>En gr\u00e4nsdragningslista finns nu <a href=\"https:\/\/brfsorbyangen.se\/?page_id=1439\">publicerad h\u00e4r<\/a> g\u00e4llande vad f\u00f6reningen respektive l\u00e4genhetshavare ansvarar f\u00f6r<\/strong><\/p>\n\n\n\n<hr class=\"wp-block-separator has-css-opacity\"\/>\n\n\n\n<p class=\"has-text-align-center\"><strong>Saknar Du n\u00e5got? N\u00e5got som verkar blivit fel? Tips och id\u00e9er om hur hemsidan kan vidareutvecklas tas g\u00e4rna emot till&nbsp;<a href=\"mailto:info@brfsorbyangen.se\" target=\"_blank\" rel=\"noreferrer noopener\">f\u00f6reningen<\/a><\/strong><\/p>\n\n\n\n<hr class=\"wp-block-separator has-css-opacity\"\/>\n\n\n\n<p class=\"has-text-align-center\"><strong>Till laddplatserna finns det en <a href=\"https:\/\/brfsorbyangen.se\/wp-content\/uploads\/2022\/07\/Bruksanvisning_v2.07_SE.pdf\" data-type=\"URL\" data-id=\"https:\/\/brfsorbyangen.se\/wp-content\/uploads\/2022\/07\/Bruksanvisning_v2.07_SE.pdf\" target=\"_blank\" rel=\"noreferrer noopener\">manual h\u00e4r<\/a><\/strong><\/p>\n\n\n\n<hr class=\"wp-block-separator has-css-opacity\"\/>\n\n\n\n<p class=\"has-text-align-center\"><strong>Det finns en Facebookgrupp f\u00f6r oss som bor i f\u00f6reningen &#8211; <\/strong><a rel=\"noreferrer noopener\" aria-label=\"g\u00e5 g\u00e4rna med h\u00e4r (\u00f6ppnas i en ny flik)\" href=\"https:\/\/www.facebook.com\/groups\/2410343092552074\/\" target=\"_blank\"><strong>g\u00e5 g\u00e4rna med h\u00e4r<\/strong><\/a><\/p>\n\n\n\n<hr class=\"wp-block-separator has-css-opacity is-style-wide\"\/>\n\n\n\n<p class=\"has-text-align-center has-small-font-size\">Vi anv\u00e4nder cookies p\u00e5 denna webbplats &#8211; l\u00e4s med om detta p\u00e5 <a aria-label=\"PTS webbplats (\u00f6ppnas i en ny flik)\" href=\"https:\/\/www.pts.se\/sv\/privat\/internet\/integritet\/kakor-cookies\/\" target=\"_blank\" rel=\"noreferrer noopener\">PTS webbplats<\/a><br><strong>(c) 2026 &#8211; Brf S\u00f6rby\u00e4ngen i \u00d6rebro &#8211; Karlsdalsallen 61 702 52 \u00d6rebro <br>Swish: 123-649 99 66 &#8211; Organisationsnummer 769629-5422<\/strong><\/p>\n\n\n\n<p><\/p>\n","protected":false},"excerpt":{"rendered":"<p>G\u00e4stparkering &#8211; mellan plats 75 och milj\u00f6rummet finns det en plats som kan bokas p\u00e5 bokningstavlan p\u00e5 bottenv\u00e5ningen i nummer 59.Av praktiska sk\u00e4l kan den endast bokas av dom medlemmar som hyr parkeringsplats p\u00e5 g\u00e5rden och d\u00e4rmed har en radiotagg &hellip; <a href=\"https:\/\/brfsorbyangen.se\/\">Forts\u00e4tt l\u00e4sa <span class=\"meta-nav\">&rarr;<\/span><\/a><\/p>\n","protected":false},"author":2,"featured_media":0,"parent":0,"menu_order":0,"comment_status":"closed","ping_status":"closed","template":"","meta":{"footnotes":""},"class_list":["post-171","page","type-page","status-publish","hentry"],"_links":{"self":[{"href":"https:\/\/brfsorbyangen.se\/index.php?rest_route=\/wp\/v2\/pages\/171","targetHints":{"allow":["GET"]}}],"collection":[{"href":"https:\/\/brfsorbyangen.se\/index.php?rest_route=\/wp\/v2\/pages"}],"about":[{"href":"https:\/\/brfsorbyangen.se\/index.php?rest_route=\/wp\/v2\/types\/page"}],"author":[{"embeddable":true,"href":"https:\/\/brfsorbyangen.se\/index.php?rest_route=\/wp\/v2\/users\/2"}],"replies":[{"embeddable":true,"href":"https:\/\/brfsorbyangen.se\/index.php?rest_route=%2Fwp%2Fv2%2Fcomments&post=171"}],"version-history":[{"count":395,"href":"https:\/\/brfsorbyangen.se\/index.php?rest_route=\/wp\/v2\/pages\/171\/revisions"}],"predecessor-version":[{"id":1855,"href":"https:\/\/brfsorbyangen.se\/index.php?rest_route=\/wp\/v2\/pages\/171\/revisions\/1855"}],"wp:attachment":[{"href":"https:\/\/brfsorbyangen.se\/index.php?rest_route=%2Fwp%2Fv2%2Fmedia&parent=171"}],"curies":[{"name":"wp","href":"https:\/\/api.w.org\/{rel}","templated":true}]}}